{"id":14236,"date":"2020-04-11T16:17:35","date_gmt":"2020-04-11T13:17:35","guid":{"rendered":"https:\/\/champlacanienathenes.net\/to-forum-tis-athinas\/"},"modified":"2026-04-21T18:23:52","modified_gmt":"2026-04-21T15:23:52","slug":"le-forum-dathenes","status":"publish","type":"page","link":"https:\/\/champlacanienathenes.net\/fr\/le-forum-dathenes\/","title":{"rendered":"Le Forum d&#8217;Ath\u00e8nes"},"content":{"rendered":"<section class=\"wpb-content-wrapper\">[vc_section full_height=&#8221;yes&#8221; content_placement=&#8221;middle&#8221; wn_class=&#8221;wn-section-5e7628264ed01&#8243; css=&#8221;.vc_custom_1584808083164{background-color: rgba(99,188,58,0.43) !important;*background-color: rgb(99,188,58) !important;}&#8221; dec_full_height=&#8221;200&#8243;][vc_row][vc_column]<div class=\"wn-distance-100 wn-distance-mob-inherit\"><\/div><div class=\"wn-distance-30 wn-distance-mob-inherit\"><\/div>[\/vc_column][\/vc_row][vc_row content_placement=&#8221;middle&#8221; wn_class=&#8221;wn-row-5e764bcdee077&#8243;][vc_column width=&#8221;1\/2&#8243;][vc_row_inner][vc_column_inner width=&#8221;1\/12&#8243;][\/vc_column_inner][vc_column_inner width=&#8221;11\/12&#8243;]<div class=\"wn-distance-20 wn-distance-mob-inherit\"><\/div>\n\t\t\t<div class=\"wn-deep-title-wrap   \"    data-id=\"1\">\n\t\t\t\t<div class=\"wn-deep-title\">\n\t\t\t\t\t<span class=\"wn-deep-title-shape after shape-coutn-0\"><\/span><h1 class=\"  wn-deep-innertitle\">A PROPOS DE NOUS<\/h1><h2 class=\"  wn-deep-subtitle\">Nous contribuons \u00e0 la recherche th\u00e9orique et pratique de l\u2019inconscient \u00e0 travers l\u2019\u00e9tude de l\u2019\u0153uvre de Freud et de Lacan.<\/h2>\n\t\t\t\t<\/div>\n\t\t\t<\/div><div class=\"wn-distance-10 wn-distance-mob-inherit\"><\/div>[vc_column_text css_animation=&#8221;slideInUp&#8221;]\n<p style=\"font-weight: 300; font-size: 24px; line-height: 1.2; color: #241c15;\">La psychanalyse travaille sur les questionnements de l\u2019homme et de son \u00e9poque et recherche des r\u00e9ponses \u00e0 l\u2019insupportable de l\u2019existence humaine \u00e0 travers le discours du sujet et de son analyse.<\/p>\n[\/vc_column_text]<div class=\"wn-distance-30 wn-distance-mob-inherit\"><\/div>[\/vc_column_inner][\/vc_row_inner][\/vc_column][vc_column width=&#8221;1\/2&#8243; wn_class=&#8221;wn-column-5e77ddbfa1298&#8243; offset=&#8221;vc_col-md-offset-0 vc_col-sm-offset-0&#8243;][vc_single_image image=&#8221;13920&#8243; img_size=&#8221;full&#8221; alignment=&#8221;center&#8221; css=&#8221;.vc_custom_1586600728869{margin-right: 2% !important;margin-left: 2% !important;}&#8221;][\/vc_column][\/vc_row][vc_row][vc_column]<div class=\"wn-distance-70 wn-distance-mob-inherit\"><\/div>[\/vc_column][\/vc_row][\/vc_section][vc_section][vc_row wn_class=&#8221;wn-row-5e56b4bbe7dd4&#8243;][vc_column wn_class=&#8221;wn-column-5e56b4bbe7cfb&#8221;]<div class=\"wn-distance-80 wn-distance-mob-40\"><\/div>\n\t\t\t<div class=\"wn-deep-title-wrap   \"    data-id=\"2\">\n\t\t\t\t<div class=\"wn-deep-title\">\n\t\t\t\t\t<span class=\"wn-deep-title-shape after shape-coutn-0\"><\/span><h1 class=\"  wn-deep-innertitle\">D\u00c9COUVRIR LE FORUM D'ATH\u00c8NES<\/h1><h2 class=\"  wn-deep-subtitle\">Le discours psychanalytique et<br \/>\n<strong>les activit\u00e9s du Forum<\/strong><\/h2>\n\t\t\t\t<\/div>\n\t\t\t<\/div><div class=\"wn-distance-50 wn-distance-mob-40\"><\/div>[\/vc_column][\/vc_row][vc_row][vc_column width=&#8221;1\/3&#8243;]<article class=\"wn-icon-box icon-box-id-1 icon-box2 tlp    \"  ><img decoding=\"async\" data-src=\"https:\/\/champlacanienathenes.net\/wp-content\/uploads\/stoxos-150x150.png\" alt=\"OBJECTIF\" src=\"data:image\/svg+xml;base64,PHN2ZyB3aWR0aD0iMSIgaGVpZ2h0PSIxIiB4bWxucz0iaHR0cDovL3d3dy53My5vcmcvMjAwMC9zdmciPjwvc3ZnPg==\" class=\"lazyload\" style=\"--smush-placeholder-width: 150px; --smush-placeholder-aspect-ratio: 150\/150;\" data-srcset=\"https:\/\/champlacanienathenes.net\/wp-content\/uploads\/stoxos-150x150.png 150w, https:\/\/champlacanienathenes.net\/wp-content\/uploads\/stoxos-300x300.png 300w, https:\/\/champlacanienathenes.net\/wp-content\/uploads\/stoxos.png 360w\" data-sizes=\"auto\" data-original-sizes=\"(max-width: 150px) 100vw, 150px\" \/><h4 class=\"title-style\">OBJECTIF<\/h4><p class=\"content-style\">Le Forum d\u2019Ath\u00e8nes a pour objectif le d\u00e9veloppement du discours psychanalytique et le rapprochement de la psychanalyse aux pratiques socio-politiques, aux sciences, \u00e0 la philosophie, \u00e0 l\u2019art et \u00e0 la religion. Le Forum participe \u00e0 la transmission ainsi qu\u2019au contr\u00f4le du savoir clinique \u00e9manant de l\u2019exercice de l\u2019acte analytique. En collaboration avec les Forums situ\u00e9s partout dans le monde, le Forum d\u2019Ath\u00e8nes contribue \u00e0 la continuit\u00e9 d\u2019une discussion critique sur les approches th\u00e9oriques et institutionnelles des divers courants du mouvement analytique. Il soutient l\u2019Ecole et suit \u00e0 son orientation.<\/p><\/article><div class=\"wn-distance-10 wn-distance-mob-inherit\"><\/div>[\/vc_column][vc_column width=&#8221;1\/3&#8243;]<article class=\"wn-icon-box icon-box-id-2 icon-box2 tlp    \"  ><img decoding=\"async\" data-src=\"https:\/\/champlacanienathenes.net\/wp-content\/uploads\/akouw-150x150.png\" alt=\"PRINCIPES\" src=\"data:image\/svg+xml;base64,PHN2ZyB3aWR0aD0iMSIgaGVpZ2h0PSIxIiB4bWxucz0iaHR0cDovL3d3dy53My5vcmcvMjAwMC9zdmciPjwvc3ZnPg==\" class=\"lazyload\" style=\"--smush-placeholder-width: 150px; --smush-placeholder-aspect-ratio: 150\/150;\" data-srcset=\"https:\/\/champlacanienathenes.net\/wp-content\/uploads\/akouw-150x150.png 150w, https:\/\/champlacanienathenes.net\/wp-content\/uploads\/akouw-300x300.png 300w, https:\/\/champlacanienathenes.net\/wp-content\/uploads\/akouw.png 360w\" data-sizes=\"auto\" data-original-sizes=\"(max-width: 150px) 100vw, 150px\" \/><h4 class=\"title-style\">PRINCIPES<\/h4><p class=\"content-style\">Le Forum d\u2019Ath\u00e8nes se fonde sur le principe de l\u2019initiative personnelle, en soutenant la subjectivit\u00e9 de ses membres et en encourageant le d\u00e9veloppement d\u2019id\u00e9es nouvelles et d\u2019une pens\u00e9e critique \u00e0 travers de la pr\u00e9sentation d\u2019expos\u00e9s, d\u2019\u00e9changes d\u2019opinions, de d\u00e9bats d\u00e9mocratiques. Il a adopt\u00e9, en outre, le principe de la solidarit\u00e9 assurant que, dans un ensemble d\u2019individus partageant un but commun, les actes des uns entrainent des cons\u00e9quences pour les autres, invitant chacun \u00e0 prendre ses responsabilit\u00e9s.<\/p><\/article><div class=\"wn-distance-10 wn-distance-mob-inherit\"><\/div>[\/vc_column][vc_column width=&#8221;1\/3&#8243;]<article class=\"wn-icon-box icon-box-id-3 icon-box2 tlp    \"  ><img decoding=\"async\" data-src=\"https:\/\/champlacanienathenes.net\/wp-content\/uploads\/diaforetikotita-150x150.jpg\" alt=\"ACTIVITES\" src=\"data:image\/svg+xml;base64,PHN2ZyB3aWR0aD0iMSIgaGVpZ2h0PSIxIiB4bWxucz0iaHR0cDovL3d3dy53My5vcmcvMjAwMC9zdmciPjwvc3ZnPg==\" class=\"lazyload\" style=\"--smush-placeholder-width: 150px; --smush-placeholder-aspect-ratio: 150\/150;\" data-srcset=\"https:\/\/champlacanienathenes.net\/wp-content\/uploads\/diaforetikotita-150x150.jpg 150w, https:\/\/champlacanienathenes.net\/wp-content\/uploads\/diaforetikotita-300x300.jpg 300w, https:\/\/champlacanienathenes.net\/wp-content\/uploads\/diaforetikotita.jpg 360w\" data-sizes=\"auto\" data-original-sizes=\"(max-width: 150px) 100vw, 150px\" \/><h4 class=\"title-style\">ACTIVITES<\/h4><p class=\"content-style\">Les activit\u00e9s s\u2019organisent en fonction de la th\u00e9matique annuelle retenue par l\u2019Ecole de Psychanalyse des Forums du champ lacanien, leur but \u00e9tant le traitement des concepts fondamentaux de la psychanalyse. Elles ont lieu sous la forme de s\u00e9minaires individuels et collectifs, travaux dirig\u00e9s et tables rondes ouverts au public. Le Forum organise, \u00e9galement, des journ\u00e9es d\u2019\u00e9tude avec la participation des psychanalystes d\u2019origine internationale, membres de l\u2019\u00c9cole, et \u00e0 cette occasion des pr\u00e9sentations cliniques ont lieu en milieu hospitalier. Ainsi, se cr\u00e9ent des pistes d\u2019\u00e9change au niveau th\u00e9orique et clinique, au profit de la consolidation de la pratique psychanalytique lacanienne.<\/p><\/article><div class=\"wn-distance-10 wn-distance-mob-inherit\"><\/div>[\/vc_column][\/vc_row][vc_row][vc_column]<div class=\"wn-distance-50 wn-distance-mob-20\"><\/div>[\/vc_column][\/vc_row][\/vc_section][vc_section full_width=&#8221;yes&#8221; content_placement=&#8221;middle&#8221; wn_class=&#8221;wn-section-5e5d49b4d137e&#8221; css=&#8221;.vc_custom_1583188646893{background-image: url(https:\/\/lacan.wpmudev.host\/wp-content\/uploads\/2020\/03\/h1-bg-img-3.jpg?id=18759) !important;}&#8221;][vc_row content_placement=&#8221;middle&#8221; wn_class=&#8221;wn-row-5e5d58345a229&#8243; wn_bg_color=&#8221;#ffffff&#8221; css=&#8221;.vc_custom_1583241863379{margin-top: 5% !important;margin-right: 5% !important;margin-bottom: 5% !important;margin-left: 5% !important;padding-top: 4% !important;padding-right: 5% !important;padding-bottom: 4% !important;padding-left: 5% !important;}&#8221;][vc_column width=&#8221;1\/2&#8243; wn_class=&#8221;wn-column-5e5d8c6958a98&#8243; css=&#8221;.vc_custom_1583189747086{padding-right: 10% !important;padding-left: 10% !important;}&#8221;]\n\t\t\t<div class=\"wn-deep-title-wrap   \"    data-id=\"3\">\n\t\t\t\t<div class=\"wn-deep-title\">\n\t\t\t\t\t<span class=\"wn-deep-title-shape after shape-coutn-0\"><\/span><h1 class=\"  wn-deep-innertitle\">D\u00c9COUVRIR LE FORUM D'ATH\u00c8NES<\/h1><h2 class=\"  wn-deep-subtitle\">Programme<br \/>\n<strong>de formation clinique<\/strong><\/h2>\n\t\t\t\t<\/div>\n\t\t\t<\/div><div class=\"wn-distance-20 wn-distance-mob-inherit\"><\/div>[vc_column_text]\n<p style=\"text-align: center;\">Le Comit\u00e9 des Formations Cliniques offre chaque ann\u00e9e un Programme de Formation Clinique (PFC) complet, au sein duquel se trouvent des s\u00e9minaires \u00e0 dur\u00e9e d\u2019un an, des pr\u00e9sentations cliniques, des s\u00e9minaires de groupe \u00e0 th\u00e9matique intrins\u00e8quement li\u00e9e \u00e0 celle des Coll\u00e8ges Cliniques de l\u2019\u00c9cole des Forums du Champs Lacanien. Les stagiaires du PFC peuvent \u00eatre des professionnels de sant\u00e9, des chercheurs et acad\u00e9miciens du champ des humanit\u00e9s, ainsi que des candidats venant d\u2019autres domaines scientifiques ou professionnels relatifs \u00e0 l\u2019objet de la psychanalyse.<\/p>\n[\/vc_column_text][\/vc_column][vc_column width=&#8221;1\/2&#8243; wn_class=&#8221;wn-column-5e5d49f51785f&#8221; css=&#8221;.vc_custom_1583189767598{padding-top: 5% !important;padding-right: 10% !important;padding-left: 10% !important;background-color: #ffffff !important;}&#8221;][vc_column_text css_animation=&#8221;slideInUp&#8221;]\n<p style=\"font-weight: 300; font-size: 24px; line-height: 1.2; color: #241c15;\">Demande d&#8217;inscription du candidat acad\u00e9mique ann\u00e9e 2026-2027<\/p>\n[\/vc_column_text]<div class=\"wn-distance-40 wn-distance-mob-inherit\"><\/div>[vc_raw_html]JTVCZm9ybWluYXRvcl9mb3JtJTIwaWQlM0QlMjIxNDM2NiUyMiU1RA==[\/vc_raw_html][\/vc_column][\/vc_row][\/vc_section][vc_section wn_class=&#8221;wn-section-5e57c041b67f2&#8243; css=&#8221;.vc_custom_1582817252001{background-color: #f8f8f8 !important;}&#8221;][vc_row][vc_column]<div class=\"wn-distance-100 wn-distance-mob-80\"><\/div>[\/vc_column][\/vc_row][vc_row content_placement=&#8221;middle&#8221; wn_class=&#8221;wn-row-5e57c06179504&#8243;][vc_column width=&#8221;1\/6&#8243;][\/vc_column][vc_column width=&#8221;2\/6&#8243;]\n\t\t\t<article class=\"our-team3 clearfix \"  >\n\t\t\t\t<figure>\n\t\t\t\t\t<img decoding=\"async\" data-src=\"https:\/\/champlacanienathenes.net\/wp-content\/uploads\/Sofia-Papanikolaou.png\" alt=\"Sofia Papanikolaou\" src=\"data:image\/svg+xml;base64,PHN2ZyB3aWR0aD0iMSIgaGVpZ2h0PSIxIiB4bWxucz0iaHR0cDovL3d3dy53My5vcmcvMjAwMC9zdmciPjwvc3ZnPg==\" class=\"lazyload\" style=\"--smush-placeholder-width: 1285px; --smush-placeholder-aspect-ratio: 1285\/854;\" data-srcset=\"https:\/\/champlacanienathenes.net\/wp-content\/uploads\/Sofia-Papanikolaou.png 1285w, https:\/\/champlacanienathenes.net\/wp-content\/uploads\/Sofia-Papanikolaou-300x199.png 300w, https:\/\/champlacanienathenes.net\/wp-content\/uploads\/Sofia-Papanikolaou-1024x681.png 1024w, https:\/\/champlacanienathenes.net\/wp-content\/uploads\/Sofia-Papanikolaou-768x510.png 768w, https:\/\/champlacanienathenes.net\/wp-content\/uploads\/Sofia-Papanikolaou-391x260.png 391w, https:\/\/champlacanienathenes.net\/wp-content\/uploads\/Sofia-Papanikolaou-500x332.png 500w\" data-sizes=\"auto\" data-original-sizes=\"(max-width: 1285px) 100vw, 1285px\">\n\t\t\t\t<\/figure>\n\t\t\t\t<div class=\"tdetail\">\n\t\t\t\t\t\n\t\t\t\t\t\t<h2>Sofia Papanikolaou<\/h2>\n\t\t\t\t\t\t<h5>D\u00e9l\u00e9gu\u00e9e du Forum d\u2019Ath\u00e8nes 2024-2026<\/h5>\n\t\t\t\t\t\n\t\t\t\t\t\n\t\t\t\t<\/div>\n\t\t\t<\/article>[\/vc_column][vc_column width=&#8221;2\/6&#8243; wn_class=&#8221;wn-column-5e57c697cd4de&#8221;]<article class=\"wn-icon-box icon-box-id-4 icon-box23 tlp    \"  ><h4 class=\"title-style\">D\u00c9L\u00c9GU\u00c9(E)S PR\u00c9C\u00c9DENT(E)S<\/h4><p class=\"content-style\">Sofia Papanikolaou (2024-26)<br \/>\nAnna Karamitsou - Olga Vlachou (2022-24)<br \/>\nG. Giakoumakis - T. Manolopoulou (2020-22)<br \/>\nOlga Vlachou (2018-20)<br \/>\nKaragianni Katerina (2016-18)<br \/>\nPapadopoulou Sonia (2014-16)<br \/>\nKonstantinou Giorgos (2012-14)<br \/>\nMoriatis Stelios (2010-12)<br \/>\nKessanopoulou Stavroula (2008-10)<br \/>\nVekkou Eirini (2006-08)<br \/>\nMavrakis Nikolaos (2004-06)<br \/>\nPapatheodorou Panos (2002-04)<\/p><\/article>[\/vc_column][vc_column width=&#8221;1\/6&#8243;][\/vc_column][\/vc_row][vc_row][vc_column]<div class=\"wn-distance-100 wn-distance-mob-50\"><\/div>[\/vc_column][\/vc_row][\/vc_section][vc_section align_center=&#8221;aligncenter&#8221; wn_parallax=&#8221;content-moving&#8221; wn_class=&#8221;wn-section-5e57d4d63199c&#8221; css=&#8221;.vc_custom_1674328139604{background-color: #ffffff !important;}&#8221;][vc_row align_center=&#8221;aligncenter&#8221; wn_class=&#8221;wn-row-5e57d4d63179c&#8221;][vc_column width=&#8221;4\/6&#8243;]<div class=\"wn-distance-80 wn-distance-mob-40\"><\/div>\n\t\t\t<div class=\"wn-deep-title-wrap   \"    data-id=\"4\">\n\t\t\t\t<div class=\"wn-deep-title\">\n\t\t\t\t\t<span class=\"wn-deep-title-shape after shape-coutn-0\"><\/span><h1 class=\"  wn-deep-innertitle\">A PROPOS DE NOUS<\/h1><h2 class=\"  wn-deep-subtitle\"><strong>Charte de l'IF-EPFCL<\/strong><\/h2>\n\t\t\t\t<\/div>\n\t\t\t<\/div><div class=\"wn-distance-30 wn-distance-mob-20\"><\/div>[vc_column_text]\n<p style=\"text-align: center;\">&#8230;s&#8217;il y a quelque chose qui est \u00e0 faire, dans l&#8217;analyse, c&#8217;est l&#8217;institution de cet autre champ \u00e9nerg\u00e9tique, qui n\u00e9cessiterait d&#8217;autres structures que celles de la physique, et qui est le champ de la jouissance. Pour ce qui est du champ de la jouissance &#8211; h\u00e9las, qu&#8217;on n&#8217;appellera jamais, car je n&#8217;aurai s\u00fbrement pas le temps m\u00eame d&#8217;en \u00e9baucher les bases, le champ lacanien, mais je l&#8217;ai souhait\u00e9, il y a des remarques \u00e0 faire.<br \/>\nJacques Lacan, Le S\u00e9minaire, Livre XVII, L&#8217;envers de la psychanalyse, \u00c9d. du Seuil, Paris 1991, p. 93.[\/vc_column_text]<div class=\"wn-distance-40 wn-distance-mob-20\"><\/div>[vc_column_text css_animation=&#8221;slideInUp&#8221;]\n<p style=\"font-weight: 300; font-size: 24px; line-height: 1.2; color: #241c15; text-align: center;\">Charte de l&#8217; International des Forums<br \/>\n\u00c9cole de Psychanalyse des Forums du Champ lacanien[\/vc_column_text]<div class=\"wn-distance-40 wn-distance-mob-20\"><\/div><a href=\"https:\/\/drive.google.com\/file\/d\/1Y0kqyc9fGDYoF97F2lqhnqw_cXKDum0x\/view\" data-btnid=\"69ee760598b9f\" class=\"button  black square medium bordered-bot  \"  target=\"_blank\"><span><i class=\"wn-fas wn-fa-download\"><\/i>T\u00c9L\u00c9CHARGER<\/span><\/a><div class=\"wn-distance-60 wn-distance-mob-40\"><\/div>[\/vc_column][vc_column width=&#8221;2\/6&#8243; wn_class=&#8221;wn-column-5e57d4d6316fe&#8221;]<div class=\"wn-distance-80 wn-distance-mob-40\"><\/div>\n\t\t\t<div class=\"wn-deep-title-wrap   \"    data-id=\"5\">\n\t\t\t\t<div class=\"wn-deep-title\">\n\t\t\t\t\t<span class=\"wn-deep-title-shape after shape-coutn-0\"><\/span><h1 class=\"  wn-deep-innertitle\">A PROPOS DE NOUS<\/h1><h2 class=\"  wn-deep-subtitle\"><strong>Le statut du Forum<\/strong><\/h2>\n\t\t\t\t<\/div>\n\t\t\t<\/div><div class=\"wn-distance-30 wn-distance-mob-20\"><\/div>[vc_column_text css_animation=&#8221;slideInUp&#8221;]\n<p style=\"font-weight: 300; font-size: 24px; line-height: 1.2; color: #241c15; text-align: center;\">\u00ab Le Forum d\u2019Ath\u00e8nes \u2013 Membre de l&#8217;Internationale des Forums du Champ lacanien \u00bb<br \/>\nSoci\u00e9t\u00e9 civile \u00e0 but non lucratif<\/p>\n<p style=\"font-weight: 300; font-size: 24px; line-height: 1.2; color: #241c15; text-align: center;\">Derni\u00e8re modification: 03.03.2019<\/p>\n[\/vc_column_text]<div class=\"wn-distance-40 wn-distance-mob-20\"><\/div><a href=\"https:\/\/drive.google.com\/file\/d\/1dDICbss6eQ1XrMHyJVX2WotJkbskwaXa\/view?usp=sharing\" data-btnid=\"69ee76059904d\" class=\"button  black square medium bordered-bot  \"  target=\"_blank\"><span><i class=\"wn-fas wn-fa-download\"><\/i>T\u00c9L\u00c9CHARGER (VERSION GRECQUE)<\/span><\/a><div class=\"wn-distance-60 wn-distance-mob-40\"><\/div>[\/vc_column][\/vc_row][\/vc_section][vc_section wn_class=&#8221;wn-section-5e63f566c60ce&#8221; css=&#8221;.vc_custom_1584914934630{background-color: #ffe01b !important;}&#8221;][vc_row][vc_column]<div class=\"wn-distance-70 wn-distance-mob-inherit\"><\/div>[\/vc_column][\/vc_row][vc_row content_placement=&#8221;middle&#8221; equal_height=&#8221;yes&#8221; wn_class=&#8221;wn-row-5e63f460b4712&#8243;][vc_column width=&#8221;1\/12&#8243; wn_class=&#8221;wn-column-5e78a2acd668a&#8221;][\/vc_column][vc_column width=&#8221;4\/12&#8243; wn_class=&#8221;wn-column-5e6404954d459&#8243;][vc_single_image image=&#8221;13935&#8243; img_size=&#8221;full&#8221; alignment=&#8221;center&#8221;]<div class=\"wn-distance-10 wn-distance-mob-40\"><\/div>[\/vc_column][vc_column width=&#8221;6\/12&#8243; wn_class=&#8221;wn-column-5e78a2acd668a&#8221;]<div class=\"wn-distance-60 wn-distance-mob-0\"><\/div>\n\t\t\t<div class=\"wn-deep-title-wrap   \"    data-id=\"6\">\n\t\t\t\t<div class=\"wn-deep-title\">\n\t\t\t\t\t<span class=\"wn-deep-title-shape after shape-coutn-0\"><\/span><h1 class=\"  wn-deep-innertitle\">JACQUES LACAN, 1957<\/h1><h2 class=\"  wn-deep-subtitle\">Tu ne te trouves pas au centre de toi-m\u00eame, car il y a en toi un autre sujet, ton inconscient.<\/h2>\n\t\t\t\t<\/div>\n\t\t\t<\/div><div class=\"wn-distance-40 wn-distance-mob-inherit\"><\/div><a href=\"psychanalyse\" data-btnid=\"69ee7605994eb\" class=\"button  theme-skin square large   \"  target=\"_self\"><span>QU'EST-CE QUE LA PSYCHANALYSE<\/span><\/a>[\/vc_column][vc_column width=&#8221;1\/12&#8243;][\/vc_column][\/vc_row][vc_row][vc_column]<div class=\"wn-distance-70 wn-distance-mob-inherit\"><\/div>[\/vc_column][\/vc_row][\/vc_section]\n<\/section>","protected":false},"excerpt":{"rendered":"<p>[vc_section full_height=&#8221;yes&#8221; content_placement=&#8221;middle&#8221; wn_class=&#8221;wn-section-5e7628264ed01&#8243; css=&#8221;.vc_custom_1584808083164{background-color: rgba(99,188,58,0.43) !important;*background-color: rgb(99,188,58) !important;}&#8221; dec_full_height=&#8221;200&#8243;][vc_row][vc_column][\/vc_column][\/vc_row][vc_row content_placement=&#8221;middle&#8221; wn_class=&#8221;wn-row-5e764bcdee077&#8243;][vc_column width=&#8221;1\/2&#8243;][vc_row_inner][vc_column_inner width=&#8221;1\/12&#8243;][\/vc_column_inner][vc_column_inner width=&#8221;11\/12&#8243;][vc_column_text css_animation=&#8221;slideInUp&#8221;] La psychanalyse travaille sur les questionnements de l\u2019homme et de son \u00e9poque et recherche des r\u00e9ponses \u00e0 l\u2019insupportable de l\u2019existence humaine \u00e0 travers le discours du sujet et de son analyse. [\/vc_column_text][\/vc_column_inner][\/vc_row_inner][\/vc_column][vc_column width=&#8221;1\/2&#8243; wn_class=&#8221;wn-column-5e77ddbfa1298&#8243; offset=&#8221;vc_col-md-offset-0 vc_col-sm-offset-0&#8243;][vc_single_image image=&#8221;13920&#8243; img_size=&#8221;full&#8221; alignment=&#8221;center&#8221; css=&#8221;.vc_custom_1586600728869{margin-right: 2% !important;margin-left: 2% !important;}&#8221;][\/vc_column][\/vc_row][vc_row][vc_column][\/vc_column][\/vc_row][\/vc_section][vc_section][vc_row wn_class=&#8221;wn-row-5e56b4bbe7dd4&#8243;][vc_column wn_class=&#8221;wn-column-5e56b4bbe7cfb&#8221;][\/vc_column][\/vc_row][vc_row][vc_column width=&#8221;1\/3&#8243;][\/vc_column][vc_column width=&#8221;1\/3&#8243;][\/vc_column][vc_column width=&#8221;1\/3&#8243;][\/vc_column][\/vc_row][vc_row][vc_column][\/vc_column][\/vc_row][\/vc_section][vc_section full_width=&#8221;yes&#8221; content_placement=&#8221;middle&#8221; wn_class=&#8221;wn-section-5e5d49b4d137e&#8221; css=&#8221;.vc_custom_1583188646893{background-image: url(https:\/\/lacan.wpmudev.host\/wp-content\/uploads\/2020\/03\/h1-bg-img-3.jpg?id=18759) !important;}&#8221;][vc_row content_placement=&#8221;middle&#8221; wn_class=&#8221;wn-row-5e5d58345a229&#8243; wn_bg_color=&#8221;#ffffff&#8221; css=&#8221;.vc_custom_1583241863379{margin-top: 5% !important;margin-right: 5% !important;margin-bottom: 5% !important;margin-left: 5% !important;padding-top: 4% !important;padding-right: 5% !important;padding-bottom: 4% !important;padding-left: 5% !important;}&#8221;][vc_column width=&#8221;1\/2&#8243; wn_class=&#8221;wn-column-5e5d8c6958a98&#8243; css=&#8221;.vc_custom_1583189747086{padding-right: 10% !important;padding-left: 10% !important;}&#8221;][vc_column_text] Le Comit\u00e9 des Formations Cliniques offre chaque ann\u00e9e un Programme de Formation Clinique (PFC) complet, au sein duquel se trouvent des s\u00e9minaires \u00e0 dur\u00e9e d\u2019un an, des pr\u00e9sentations cliniques, des s\u00e9minaires de groupe \u00e0 th\u00e9matique intrins\u00e8quement li\u00e9e \u00e0 celle des Coll\u00e8ges Cliniques de l\u2019\u00c9cole des Forums du Champs Lacanien. Les stagiaires du PFC peuvent \u00eatre des professionnels de sant\u00e9, des chercheurs et acad\u00e9miciens du champ des humanit\u00e9s, ainsi que des candidats venant d\u2019autres domaines scientifiques ou professionnels relatifs \u00e0 l\u2019objet de la psychanalyse. [\/vc_column_text][\/vc_column][vc_column width=&#8221;1\/2&#8243; wn_class=&#8221;wn-column-5e5d49f51785f&#8221; css=&#8221;.vc_custom_1583189767598{padding-top: 5% !important;padding-right: 10% !important;padding-left: 10% !important;background-color: #ffffff !important;}&#8221;][vc_column_text css_animation=&#8221;slideInUp&#8221;] Demande d&#8217;inscription du candidat acad\u00e9mique ann\u00e9e 2026-2027 [\/vc_column_text][vc_raw_html]JTVCZm9ybWluYXRvcl9mb3JtJTIwaWQlM0QlMjIxNDM2NiUyMiU1RA==[\/vc_raw_html][\/vc_column][\/vc_row][\/vc_section][vc_section wn_class=&#8221;wn-section-5e57c041b67f2&#8243; css=&#8221;.vc_custom_1582817252001{background-color: #f8f8f8 !important;}&#8221;][vc_row][vc_column][\/vc_column][\/vc_row][vc_row content_placement=&#8221;middle&#8221; wn_class=&#8221;wn-row-5e57c06179504&#8243;][vc_column width=&#8221;1\/6&#8243;][\/vc_column][vc_column width=&#8221;2\/6&#8243;][\/vc_column][vc_column width=&#8221;2\/6&#8243; wn_class=&#8221;wn-column-5e57c697cd4de&#8221;][\/vc_column][vc_column width=&#8221;1\/6&#8243;][\/vc_column][\/vc_row][vc_row][vc_column][\/vc_column][\/vc_row][\/vc_section][vc_section align_center=&#8221;aligncenter&#8221; wn_parallax=&#8221;content-moving&#8221; wn_class=&#8221;wn-section-5e57d4d63199c&#8221; css=&#8221;.vc_custom_1674328139604{background-color: #ffffff !important;}&#8221;][vc_row align_center=&#8221;aligncenter&#8221; wn_class=&#8221;wn-row-5e57d4d63179c&#8221;][vc_column width=&#8221;4\/6&#8243;][vc_column_text] &#8230;s&#8217;il y a quelque chose qui est \u00e0 faire, dans l&#8217;analyse, c&#8217;est l&#8217;institution de cet autre champ \u00e9nerg\u00e9tique, qui n\u00e9cessiterait d&#8217;autres structures que celles de la physique, et qui est le champ de la jouissance. Pour ce qui est du champ de la jouissance &#8211; h\u00e9las, qu&#8217;on n&#8217;appellera jamais, car je n&#8217;aurai s\u00fbrement pas le temps m\u00eame d&#8217;en \u00e9baucher les bases, le champ lacanien, mais je l&#8217;ai souhait\u00e9, il y a des remarques \u00e0 faire. Jacques Lacan, Le&#8230; <\/p>\n<p><a class=\"readmore\" href=\"https:\/\/champlacanienathenes.net\/fr\/le-forum-dathenes\/\">Continue Reading<\/a><\/p>\n","protected":false},"author":1,"featured_media":0,"parent":0,"menu_order":0,"comment_status":"closed","ping_status":"closed","template":"","meta":{"footnotes":""},"class_list":["post-14236","page","type-page","status-publish","hentry"],"_links":{"self":[{"href":"https:\/\/champlacanienathenes.net\/fr\/wp-json\/wp\/v2\/pages\/14236","targetHints":{"allow":["GET"]}}],"collection":[{"href":"https:\/\/champlacanienathenes.net\/fr\/wp-json\/wp\/v2\/pages"}],"about":[{"href":"https:\/\/champlacanienathenes.net\/fr\/wp-json\/wp\/v2\/types\/page"}],"author":[{"embeddable":true,"href":"https:\/\/champlacanienathenes.net\/fr\/wp-json\/wp\/v2\/users\/1"}],"replies":[{"embeddable":true,"href":"https:\/\/champlacanienathenes.net\/fr\/wp-json\/wp\/v2\/comments?post=14236"}],"version-history":[{"count":5,"href":"https:\/\/champlacanienathenes.net\/fr\/wp-json\/wp\/v2\/pages\/14236\/revisions"}],"predecessor-version":[{"id":854539,"href":"https:\/\/champlacanienathenes.net\/fr\/wp-json\/wp\/v2\/pages\/14236\/revisions\/854539"}],"wp:attachment":[{"href":"https:\/\/champlacanienathenes.net\/fr\/wp-json\/wp\/v2\/media?parent=14236"}],"curies":[{"name":"wp","href":"https:\/\/api.w.org\/{rel}","templated":true}]}}